{"id":5,"date":"2015-11-04T23:20:10","date_gmt":"2015-11-04T23:20:10","guid":{"rendered":"https:\/\/www.tgreguol.com.br\/blog\/?page_id=5"},"modified":"2025-05-05T17:28:13","modified_gmt":"2025-05-05T17:28:13","slug":"sobre-t-greguol","status":"publish","type":"page","link":"https:\/\/www.tgreguol.com.br\/blog\/sobre-t-greguol\/","title":{"rendered":"Sobre T. Greguol"},"content":{"rendered":"<p style=\"text-align: justify;\"><span style=\"color: #000000;\"><strong><a href=\"https:\/\/www.youtube.com\/playlist?list=PLBo_fHJSdrvTaNE2byVEcnFkVFnUF4tmK\" target=\"_blank\" rel=\"noopener noreferrer\">T. GREGUOL<\/a><br \/><\/strong><\/span>S\u00e3o Paulo, SP. Um beb\u00ea dos 70, uma crian\u00e7a dos 80, um adolescente dos 90 e o resto, dos 2000. Artista visual, escritor e m\u00fasico. Ambidestro, Cavalo, dalt\u00f4nico, Touro. Formado por uma penca de c\u00e9lulas (<em>gosta de todas elas, apesar de nunca lhes ter sido apresentado pessoalmente<\/em>).<\/p>\n<p style=\"text-align: justify;\"><span style=\"color: #000000;\"><strong>ARTES PL\u00c1STICAS<br \/><\/strong>04.2025 &#8211; <a href=\"https:\/\/www.tgreguol.com.br\/blog\/e-se-eu-nao-estiver-dentro-de-mim-e-eu-for-uma-antena\/\">E Se Eu N\u00e3o Estiver Dentro De Mim E Eu For Uma Antena?<\/a>\u00a0&#8211; individual<strong><br \/><\/strong><\/span>09.2023 &#8211; <a href=\"https:\/\/www.tgreguol.com.br\/blog\/silencio-2023-2\/\">Sil\u00eancio<\/a>\u00a0&#8211; individual<br \/>08.2020 &#8211; <a href=\"https:\/\/www.instagram.com\/p\/CEcHVo6hmvF\/?utm_source=ig_web_copy_link\">Mostra Tua Arte<\/a> &#8211; coletiva<br \/>09.2019 &#8211; <a href=\"https:\/\/www.tgreguol.com.br\/blog\/eu-deveria-ganhar-um-salario-pra-ser-eu\/\">Casa Elefante<\/a> &#8211; individual<br \/>05.2019 &#8211; <a href=\"https:\/\/www.facebook.com\/escotilha\/\">Escotilha<\/a> &#8211; individual<br \/><span style=\"color: #000000;\">04.2019 &#8211; <a href=\"https:\/\/www.facebook.com\/events\/2048821765239263\/\">ZUD Caf\u00e9<\/a> &#8211; coletiva<br \/>09.2018 &#8211; <a href=\"https:\/\/www.tgreguol.com.br\/blog\/t-greguol-no-zud-cafe\/\">ZUD Caf\u00e9<\/a> &#8211; individual<br \/>05.2018 &#8211; <a href=\"https:\/\/www.tgreguol.com.br\/blog\/no-futuro-isso-ja-e-passado-2\/\">CCB<\/a>\u00a0&#8211; individual<br \/><\/span><span style=\"color: #000000;\">04.2018 &#8211; <a href=\"https:\/\/www.tgreguol.com.br\/blog\/no-futuro-isso-ja-e-passado\/\" target=\"_blank\" rel=\"noopener noreferrer\">Casa da Luz<\/a> &#8211; individual<strong><br \/><\/strong><\/span><span style=\"color: #000000;\">06.2017 &#8211; <a href=\"https:\/\/ateliema.wordpress.com\/\">AteliEma<\/a> &#8211; coletiva<strong><br \/><\/strong>09.2016 &#8211; <a href=\"https:\/\/airez.art.br\/\" target=\"_blank\" rel=\"noopener noreferrer\">AIREZ<\/a> &#8211; coletiva<\/span><br \/><span style=\"color: #000000;\"> 06.2016 &#8211; <a href=\"https:\/\/www.tgreguol.com.br\/blog\/criaturas-e-outras-demarcacoes\/\" target=\"_blank\" rel=\"noopener noreferrer\">Galeria CY<\/a>\u00a0&#8211; conjunta<\/span><br \/><span style=\"color: #000000;\"> 03.2016 &#8211; <a href=\"http:\/\/www.mmorar.com.br\/index.html\" target=\"_blank\" rel=\"noopener noreferrer\">MMORAR 2016<\/a>\u00a0&#8211; coletiva<\/span><br \/><span style=\"color: #000000;\"> 01.2016 &#8211; <a href=\"https:\/\/casadaxiclet.com\/\" target=\"_blank\" rel=\"noopener noreferrer\">Casa da Xiclet<\/a>\u00a0&#8211; coletiva<\/span><br \/><span style=\"color: #000000;\"> 12.2015 &#8211; <a href=\"https:\/\/www.flickr.com\/photos\/107304083@N07\/albums\/72157648509637798\" target=\"_blank\" rel=\"noopener noreferrer\">Espa\u00e7o Cultural Serralheria<\/a>\u00a0&#8211; individual<\/span><br \/><span style=\"color: #000000;\"> 10.2015 &#8211; <a href=\"https:\/\/www.youtube.com\/watch?v=Du-dvXHFCxY\" target=\"_blank\" rel=\"noopener noreferrer\">Espa\u00e7o Cultural Serralheria<\/a>\u00a0&#8211; coletiva, artista e curador<\/span><br \/><span style=\"color: #000000;\"> 03.2015 &#8211; <a href=\"http:\/\/www.assum.com.br\/\" target=\"_blank\" rel=\"noopener noreferrer\">Espa\u00e7o Criativo Assum<\/a>\u00a0&#8211; coletiva, artista e curador<\/span><br \/><span style=\"color: #000000;\"> 12.2014 &#8211; <a href=\"http:\/\/laquichebistrot.com.br\/#home\" target=\"_blank\" rel=\"noopener noreferrer\">Bistrot La Quiche<\/a>\u00a0&#8211; individual<\/span><br \/><span style=\"color: #000000;\"> 12.2014 &#8211; <a href=\"https:\/\/www.youtube.com\/watch?v=P9xmR5xoukA\" target=\"_blank\" rel=\"noopener noreferrer\">Esta\u00e7\u00e3o Jardim S\u00e3o Paulo (Linha 1 &#8211; Azul do Metr\u00f4)<\/a>\u00a0&#8211; individual<\/span><br \/><span style=\"color: #000000;\"> 11.2014 &#8211; <a href=\"https:\/\/www.youtube.com\/watch?v=kMTo282ZDHk\" target=\"_blank\" rel=\"noopener noreferrer\">Esta\u00e7\u00e3o Sacom\u00e3 (Linha 2 &#8211; Verde do Metr\u00f4)<\/a>\u00a0&#8211; individual<\/span><br \/><span style=\"color: #000000;\"> 10.2014 &#8211; <a href=\"https:\/\/www.youtube.com\/watch?v=4ZON8OQnBqs\" target=\"_blank\" rel=\"noopener noreferrer\">Esta\u00e7\u00e3o Santa Cec\u00edlia (Linha 3 &#8211; Vermelha do Metr\u00f4)<\/a>\u00a0&#8211; individual<\/span><br \/><span style=\"color: #000000;\"> 08.2014 &#8211; <a href=\"https:\/\/www.facebook.com\/JardimDAngola\" target=\"_blank\" rel=\"noopener noreferrer\">Jardim D&#8217;Angola<\/a>\u00a0&#8211; individual<\/span><br \/><span style=\"color: #000000;\"> 02.2014 &#8211; <a href=\"https:\/\/www.facebook.com\/tersiogreguol\/media_set?set=a.10153875004890324.1073741850.818420323&amp;type=3\" target=\"_blank\" rel=\"noopener noreferrer\">Festival IrrigaVale de Arte Independente<\/a>\u00a0&#8211; coletiva<\/span><br \/><span style=\"color: #000000;\"> 10.2013 &#8211; <a href=\"https:\/\/www.youtube.com\/watch?v=T8r6G-ZcLLs\" target=\"_blank\" rel=\"noopener noreferrer\">Passagem Liter\u00e1ria<\/a>\u00a0&#8211; individual<\/span><br \/><span style=\"color: #000000;\"> 07.2013 &#8211; <a href=\"https:\/\/www.youtube.com\/watch?v=DDkBmqET5Fo\" target=\"_blank\" rel=\"noopener noreferrer\">Fnac Pinheiros<\/a>\u00a0&#8211; individual<\/span><br \/><span style=\"color: #000000;\"> 06.2013 &#8211; <a href=\"https:\/\/www.youtube.com\/watch?v=ceuyzXt9csE\" target=\"_blank\" rel=\"noopener noreferrer\">Espa\u00e7o Estreito<\/a>\u00a0&#8211; individual<\/span><br \/><span style=\"color: #000000;\"> 05.2013 &#8211; <a href=\"https:\/\/www.youtube.com\/watch?v=PRaWaBn-iDk\" target=\"_blank\" rel=\"noopener noreferrer\">2\u00ba Festex: Festival de Cenas Extraordin\u00e1rias do Brasil<\/a>\u00a0&#8211; individual<\/span><br \/><span style=\"color: #000000;\"> 04.2013 &#8211; <a href=\"https:\/\/www.youtube.com\/watch?v=CBNltXIHBrE\" target=\"_blank\" rel=\"noopener noreferrer\">Kabul<\/a>\u00a0&#8211; individual<\/span><br \/><span style=\"color: #000000;\"> 10.2012 &#8211; <a href=\"http:\/\/escapeserralheria.org\/\" target=\"_blank\" rel=\"noopener noreferrer\">Espa\u00e7o Cultural Serralheria<\/a>\u00a0&#8211; individual<\/span><br \/><span style=\"color: #000000;\"> 09.2012 &#8211; <a href=\"https:\/\/www.youtube.com\/watch?v=Bds64itC4os\" target=\"_blank\" rel=\"noopener noreferrer\">Livraria Cultura Conjunto Nacional<\/a>\u00a0&#8211; individual<\/span><br \/><span style=\"color: #000000;\"> 04.2012 &#8211; <a href=\"https:\/\/www.youtube.com\/watch?v=WZHx3lrs2HA\" target=\"_blank\" rel=\"noopener noreferrer\">Espa\u00e7o Cultural Serralheria<\/a>\u00a0&#8211; individual<\/span><br \/><span style=\"color: #000000;\"> 10.2011 &#8211; <a href=\"https:\/\/www.youtube.com\/watch?v=Of_Jx1ztDpQ&amp;list=PLBo_fHJSdrvSHXwL_n2PCHUbEjU2cKeSJ&amp;index=8\" target=\"_blank\" rel=\"noopener noreferrer\">HUB-SP<\/a>\u00a0&#8211; coletiva<\/span><br \/><span style=\"color: #000000;\"> 09.2011 &#8211; <a href=\"https:\/\/www.facebook.com\/ESPA%C3%87O-Z%C3%89-PRESIDENTE-240218769324568\/\" target=\"_blank\" rel=\"noopener noreferrer\">Espa\u00e7o Z\u00e9 Presidente<\/a>\u00a0&#8211; individual<\/span><br \/><span style=\"color: #000000;\"> 08.2011 &#8211; <a href=\"https:\/\/www.facebook.com\/Casa-e-Bottega-124730457599762\/\" target=\"_blank\" rel=\"noopener noreferrer\">Casa e Bottega<\/a>\u00a0&#8211; individual<\/span><\/p>\n<p><strong><span style=\"color: #000000;\">AUDIOVISUAIS<br \/><\/span><\/strong><span style=\"color: #000000; font-size: inherit;\">&#8211; \u201c<\/span><a style=\"font-size: inherit;\" href=\"https:\/\/www.tgreguol.com.br\/blog\/perguntas-do-t\/\">Perguntas do T.<\/a><span style=\"color: #000000; font-size: inherit;\">\u201d \u2013 2016, presente<br \/><\/span><span style=\"color: #000000;\">&#8211; Punch-up writer no longa \u201c<a href=\"http:\/\/www.imdb.com\/title\/tt5812510\/?ref_=nm_knf_t4\">Bugigangue no Espa\u00e7o<\/a>\u201d, 2017<br \/><\/span><span style=\"color: #000000;\">&#8211; \u201c<a href=\"https:\/\/www.tgreguol.com.br\/blog\/os-fantoches-de-t-greguol\/\">Os Fantoches De T. Greguol<\/a>\u201d \u2013 2014<\/span><br \/><span style=\"color: #000000;\">&#8211; Vers\u00f5es em ingl\u00eas para \u201c<a href=\"https:\/\/pt.wikipedia.org\/wiki\/Osmar,_a_Primeira_Fatia_do_P%C3%A3o_de_Forma\">Osmar, a Primeira Fatia do P\u00e3o de Forma<\/a>\u201d, \u201c<a href=\"https:\/\/pt.wikipedia.org\/wiki\/Nilba_e_os_Desastronautas\">Nilba e os Desastronautas<\/a>\u201d, entre outros \u2013 2012<\/span><\/p>\n<p><strong><span style=\"color: #000000;\">LITERATURA<br \/><\/span><\/strong><span style=\"color: #000000;\">&#8211; &#8220;<a href=\"https:\/\/www.tgreguol.com.br\/blog\/antes-de-saber-eu-tambem-nao-sabia-2020\/\">Antes de Saber Eu Tamb\u00e9m N\u00e3o Sabia<\/a>&#8220;, 2020 &#8211; <a href=\"https:\/\/riemmaeditora.com.br\/produto\/antes-de-saber-eu-tambem-nao-sabia\/?fbclid=IwAR2E2nnFMZLhe_HEy6qC5p6SDLFt2DcBoMxkYiHNc8EfBwONKI-XjqezAWE\">Riemma Editora<\/a><\/span><strong><span style=\"color: #000000;\"><br \/><\/span><\/strong><span style=\"color: #000000;\">&#8211; \u201c<a href=\"https:\/\/www.tgreguol.com.br\/blog\/literatura\/monstro-e-seus-amigos-monstros-2016-previsto\/\">Monstro e Seus Amigos Monstros<\/a>\u201d, 2016\u00a0\u2013 <a href=\"https:\/\/riemmaeditora.com.br\/\">Riemma Editora<\/a><\/span><br \/><span style=\"color: #000000;\">&#8211; \u201c<a href=\"https:\/\/www.tgreguol.com.br\/blog\/literatura\/viver-mata-2003\/\">Viver Mata<\/a>\u201d, 2003 \u2013 <a href=\"http:\/\/www.scortecci.com.br\/home.php\">Editora Scortecci<\/a><\/span><br \/><span style=\"color: #000000;\">&#8211; \u201c<a href=\"https:\/\/www.tgreguol.com.br\/blog\/literatura\/catarse-2002\/\">Catarse<\/a>\u201d, 2002 \u2013 Editora Nativa<\/span><\/p>\n<p><strong><span style=\"color: #000000;\">M\u00daSICA<br \/><\/span><\/strong>&#8211; <a href=\"https:\/\/www.tgreguol.com.br\/blog\/coisa\/\">COISA<\/a>, 2025<br \/><a href=\"https:\/\/www.tgreguol.com.br\/blog\/bum\/\">&#8211; BUM<\/a>, 2024<br \/>&#8211; <a href=\"https:\/\/www.tgreguol.com.br\/blog\/t-e-o-abc\/\">T. e o ABC<\/a>, 2022<br \/>&#8211; <a href=\"https:\/\/www.tgreguol.com.br\/blog\/comequie-novo-album-de-rodrigo-eba-t-greguol\/\" target=\"_blank\" rel=\"noopener noreferrer\">Com\u00e9qui\u00e9, <\/a>2018<br \/><span style=\"color: #000000;\">&#8211; Letrista do musical\u00a0\u201c<a href=\"http:\/\/www.imdb.com\/title\/tt2016172\/\">D. On Ice<\/a>\u201d \u2013 2011<\/span><br \/><span style=\"color: #000000;\">&#8211; M\u00fasica tema do curta \u201c<a href=\"http:\/\/www.imdb.com\/title\/tt1529359\/?ref_=nm_flmg_wr_12\">Super-her\u00f3i Fora de S\u00e9rie<\/a>\u201d \u2013 2006<\/span><br \/><span style=\"color: #000000;\">&#8211; <a href=\"https:\/\/www.tgreguol.com.br\/blog\/banda-katarse\/\">KATARSE<\/a> \u2013 2002 \/ 2015<\/span><\/p>\n<p><strong><span style=\"color: #000000;\">CURSOS T\u00c9CNICOS<\/span><\/strong><br \/><span style=\"color: #000000;\">&#8211; Escultura e Desenho na <a href=\"http:\/\/melies.com\/cursos\/desenho-escultura\/fontaine-tradicional\/\">Faculdade Melies de Tecnologia<\/a> \u2013 2012<\/span><br \/><span style=\"color: #000000;\">&#8211; Desenho e Pintura no <a href=\"http:\/\/www.escolarecriarte.com.br\/modalidades\/desenho-e-design\/curso-de-desenho-artistico-e-pintura-para-adultos\/\">Recriarte<\/a> \u2013 2011 \/ 2012<\/span><br \/><span style=\"color: #000000;\">&#8211; Artes Pl\u00e1sticas na <a href=\"http:\/\/www.abra.com.br\/cursos\/artesvisuais\/desenhodeatelier_iniciante\">Academia Brasileira de Artes<\/a> \u2013 2002 \/ 2003<\/span><\/p>\n<p><strong><span style=\"color: #000000;\">CURSOS SUPERIORES<\/span><\/strong><br \/><span style=\"color: #000000;\">&#8211; Artes visuais na <a href=\"https:\/\/www.unip.br\/default.asp\">UNIP<\/a> &#8211; 2019 \/ 2022<\/span><br \/><span style=\"color: #000000;\">&#8211; Propaganda &amp; Marketing no <a href=\"http:\/\/portal.mackenzie.br\/?idPublicacao=eebe41be-9ad4-440c-b6aa-dfba62c15edf&amp;expira=20170908\">Mackenzie<\/a> (incompleto) \u2013 2001 \/ 2002<\/span><\/p>\n<p><strong><span style=\"color: #000000;\">CURSOS LIVRES<\/span><\/strong><br \/><span style=\"color: #000000;\">&#8211; Escultura com <a href=\"https:\/\/melies.com\/professor\/ricardo-bozzo-argenton\">Ricardo Bozzo Argenton<\/a> e <a href=\"https:\/\/www.facebook.com\/camargoth?ref=br_rs\">Thiago Camargo<\/a> \u2013 2013<\/span><br \/><span style=\"color: #000000;\">&#8211; Canto com <a href=\"https:\/\/www.facebook.com\/jobi.espasiani\">Jobi Espasiani<\/a> \u2013 2007 \/ 2008<\/span><br \/><span style=\"color: #000000;\">&#8211; Canto com <a href=\"https:\/\/www.facebook.com\/marcorealvarez\">Marcos Renato Alvarez<\/a> \u2013 2003<\/span><br \/><span style=\"color: #000000;\">&#8211; Atua\u00e7\u00e3o com <a href=\"https:\/\/www.facebook.com\/milton.morales.758\">Milton Morales<\/a> \u2013 1998<\/span><br \/><span style=\"color: #000000;\">&#8211; <a href=\"https:\/\/pt.wikipedia.org\/wiki\/Rudolf_Laban\">Laban<\/a> &amp; <a href=\"http:\/\/www.eutonia.org.br\/\">Eutonia<\/a> com <a href=\"https:\/\/www.facebook.com\/anaclarice.dossantos?ref=br_rs\">Ana Clarice dos Santos<\/a> \u2013 1994 \/ 1995<\/span><\/p>\n<p><strong><span style=\"color: #000000;\">MEDITA\u00c7\u00c3O<\/span><\/strong><br \/><span style=\"color: #000000;\">&#8211; <a href=\"http:\/\/meditacaotranscendental.com.br\/\">Medita\u00e7\u00e3o Transcendental<\/a> \u2013 2013<\/span><br \/><span style=\"color: #000000;\">&#8211; <a href=\"http:\/\/www.meditadoresurbanos.org.br\/\">Centro Budista Mahabodhi<\/a> \u2013 2012<\/span><br \/><span style=\"color: #000000;\">&#8211; <a href=\"http:\/\/www.ogrupo.org.br\/\">Escola Gurdjieff S\u00e3o Paulo<\/a> \u2013 1994 \/ 2000<\/span><\/p>\n<p><strong><span style=\"color: #000000;\">FORMA\u00c7\u00c3O<\/span><\/strong><br \/><span style=\"color: #000000;\">&#8211; <a href=\"http:\/\/itaca.com.br\/\">Col\u00e9gio \u00cdtaca<\/a> (Ensino M\u00e9dio) \u2013 1994 \/ 1996<\/span><br \/><span style=\"color: #000000;\">&#8211; <a href=\"http:\/\/micael.com.br\/\" target=\"_blank\" rel=\"noopener noreferrer\">Col\u00e9gio Waldorf Micael<\/a> (Ensino Infantil e Fundamental) \u2013 1983 \/ 1993<\/span><br \/><span style=\"color: #000000;\">&#8211; <a href=\"http:\/\/www.escol.as\/193577-antonio-bento\">EMEI Antonio Bento<\/a> (Ensino Infantil) \u2013 1982<\/span><br \/><span style=\"color: #000000;\">&#8211; Pr\u00e9-Escola Domin\u00f3 \u2013 1981<\/span><\/p>\n<p><strong><span style=\"color: #000000;\">IDIOMAS<\/span><\/strong><br \/><span style=\"color: #000000;\">&#8211; Ingl\u00eas \u2013 Fluente \u2013 <a href=\"https:\/\/www.culturainglesasp.com.br\/wps\/portal\/Internet_New\/p\/cursoscertificados\/certificados\/cambridge\/cae\">Cambridge Certificate in Advanced English<\/a> \u2013 junho 2010<\/span><\/p>\n\n\n<p class=\"\"><\/p>\n","protected":false},"excerpt":{"rendered":"<p>T. GREGUOLS\u00e3o Paulo, SP. Um beb\u00ea dos 70, uma crian\u00e7a \u2026<\/p>\n<p class=\"continue-reading-button\"> <a class=\"continue-reading-link\" href=\"https:\/\/www.tgreguol.com.br\/blog\/sobre-t-greguol\/\">Leia Mais<i class=\"crycon-right-dir\"><\/i><\/a><\/p>\n","protected":false},"author":1,"featured_media":3196,"parent":0,"menu_order":1,"comment_status":"closed","ping_status":"closed","template":"","meta":{"nf_dc_page":"","_exactmetrics_skip_tracking":false,"_exactmetrics_sitenote_active":false,"_exactmetrics_sitenote_note":"","_exactmetrics_sitenote_category":0,"footnotes":""},"class_list":["post-5","page","type-page","status-publish","has-post-thumbnail","hentry"],"yoast_head":"<!-- This site is optimized with the Yoast SEO plugin v27.5 - https:\/\/yoast.com\/product\/yoast-seo-wordpress\/ -->\n<title>Sobre T. Greguol - T. Greguol<\/title>\n<meta name=\"description\" content=\"Site oficial do artista pl\u00e1stico e audiovisual..\" \/>\n<meta name=\"robots\" content=\"index, follow, max-snippet:-1, max-image-preview:large, max-video-preview:-1\" \/>\n<link rel=\"canonical\" href=\"https:\/\/www.tgreguol.com.br\/blog\/sobre-t-greguol\/\" \/>\n<meta property=\"og:locale\" content=\"pt_BR\" \/>\n<meta property=\"og:type\" content=\"article\" \/>\n<meta property=\"og:title\" content=\"Sobre T. Greguol\" \/>\n<meta property=\"og:description\" content=\"Nasci no dia 29 de abril de 1978, na cidade de S\u00e3o Paulo. Sou grande f\u00e3 de monstros desde pequeno. Tive a inf\u00e2ncia dividida entre ideias avessas \u00e0 m\u00eddia, com enorme aten\u00e7\u00e3o para as artes do ensino Waldorf e exposi\u00e7\u00e3o \u00e0 cultura pop dos anos 80. Al\u00e9m de outras coisas, sou artista pl\u00e1stico e audiovisual, escritor, m\u00fasico e ensino medita\u00e7\u00e3o. Assisto a aproximadamente 365 filmes por ano e sou formado por uma penca de c\u00e9lulas (gosto de todas elas, apesar de nunca lhes ter sido apresentado pessoalmente).\" \/>\n<meta property=\"og:url\" content=\"https:\/\/www.tgreguol.com.br\/blog\/sobre-t-greguol\/\" \/>\n<meta property=\"og:site_name\" content=\"T. Greguol\" \/>\n<meta property=\"article:publisher\" content=\"https:\/\/www.facebook.com\/tgreguol\" \/>\n<meta property=\"article:modified_time\" content=\"2025-05-05T17:28:13+00:00\" \/>\n<meta property=\"og:image\" content=\"https:\/\/www.tgreguol.com.br\/blog\/wp-content\/uploads\/2015\/11\/11164788_10155452190775324_6252092796273705353_n1.jpg\" \/>\n\t<meta property=\"og:image:width\" content=\"1200\" \/>\n\t<meta property=\"og:image:height\" content=\"628\" \/>\n\t<meta property=\"og:image:type\" content=\"image\/jpeg\" \/>\n<meta name=\"twitter:card\" content=\"summary_large_image\" \/>\n<meta name=\"twitter:site\" content=\"@katarse\" \/>\n<meta name=\"twitter:label1\" content=\"Est. tempo de leitura\" \/>\n\t<meta name=\"twitter:data1\" content=\"3 minutos\" \/>\n<script type=\"application\/ld+json\" class=\"yoast-schema-graph\">{\"@context\":\"https:\\\/\\\/schema.org\",\"@graph\":[{\"@type\":\"WebPage\",\"@id\":\"https:\\\/\\\/www.tgreguol.com.br\\\/blog\\\/sobre-t-greguol\\\/\",\"url\":\"https:\\\/\\\/www.tgreguol.com.br\\\/blog\\\/sobre-t-greguol\\\/\",\"name\":\"Sobre T. Greguol - T. Greguol\",\"isPartOf\":{\"@id\":\"https:\\\/\\\/www.tgreguol.com.br\\\/blog\\\/#website\"},\"primaryImageOfPage\":{\"@id\":\"https:\\\/\\\/www.tgreguol.com.br\\\/blog\\\/sobre-t-greguol\\\/#primaryimage\"},\"image\":{\"@id\":\"https:\\\/\\\/www.tgreguol.com.br\\\/blog\\\/sobre-t-greguol\\\/#primaryimage\"},\"thumbnailUrl\":\"https:\\\/\\\/www.tgreguol.com.br\\\/blog\\\/wp-content\\\/uploads\\\/2020\\\/11\\\/T.-Greguol-EBA.jpg\",\"datePublished\":\"2015-11-04T23:20:10+00:00\",\"dateModified\":\"2025-05-05T17:28:13+00:00\",\"description\":\"Site oficial do artista pl\u00e1stico e audiovisual..\",\"breadcrumb\":{\"@id\":\"https:\\\/\\\/www.tgreguol.com.br\\\/blog\\\/sobre-t-greguol\\\/#breadcrumb\"},\"inLanguage\":\"pt-BR\",\"potentialAction\":[{\"@type\":\"ReadAction\",\"target\":[\"https:\\\/\\\/www.tgreguol.com.br\\\/blog\\\/sobre-t-greguol\\\/\"]}]},{\"@type\":\"ImageObject\",\"inLanguage\":\"pt-BR\",\"@id\":\"https:\\\/\\\/www.tgreguol.com.br\\\/blog\\\/sobre-t-greguol\\\/#primaryimage\",\"url\":\"https:\\\/\\\/www.tgreguol.com.br\\\/blog\\\/wp-content\\\/uploads\\\/2020\\\/11\\\/T.-Greguol-EBA.jpg\",\"contentUrl\":\"https:\\\/\\\/www.tgreguol.com.br\\\/blog\\\/wp-content\\\/uploads\\\/2020\\\/11\\\/T.-Greguol-EBA.jpg\",\"width\":1000,\"height\":564},{\"@type\":\"BreadcrumbList\",\"@id\":\"https:\\\/\\\/www.tgreguol.com.br\\\/blog\\\/sobre-t-greguol\\\/#breadcrumb\",\"itemListElement\":[{\"@type\":\"ListItem\",\"position\":1,\"name\":\"In\u00edcio\",\"item\":\"https:\\\/\\\/www.tgreguol.com.br\\\/blog\\\/\"},{\"@type\":\"ListItem\",\"position\":2,\"name\":\"Sobre T. Greguol\"}]},{\"@type\":\"WebSite\",\"@id\":\"https:\\\/\\\/www.tgreguol.com.br\\\/blog\\\/#website\",\"url\":\"https:\\\/\\\/www.tgreguol.com.br\\\/blog\\\/\",\"name\":\"T. Greguol\",\"description\":\"Imaginador\",\"potentialAction\":[{\"@type\":\"SearchAction\",\"target\":{\"@type\":\"EntryPoint\",\"urlTemplate\":\"https:\\\/\\\/www.tgreguol.com.br\\\/blog\\\/?s={search_term_string}\"},\"query-input\":{\"@type\":\"PropertyValueSpecification\",\"valueRequired\":true,\"valueName\":\"search_term_string\"}}],\"inLanguage\":\"pt-BR\"}]}<\/script>\n<!-- \/ Yoast SEO plugin. -->","yoast_head_json":{"title":"Sobre T. Greguol - T. Greguol","description":"Site oficial do artista pl\u00e1stico e audiovisual..","robots":{"index":"index","follow":"follow","max-snippet":"max-snippet:-1","max-image-preview":"max-image-preview:large","max-video-preview":"max-video-preview:-1"},"canonical":"https:\/\/www.tgreguol.com.br\/blog\/sobre-t-greguol\/","og_locale":"pt_BR","og_type":"article","og_title":"Sobre T. Greguol","og_description":"Nasci no dia 29 de abril de 1978, na cidade de S\u00e3o Paulo. Sou grande f\u00e3 de monstros desde pequeno. Tive a inf\u00e2ncia dividida entre ideias avessas \u00e0 m\u00eddia, com enorme aten\u00e7\u00e3o para as artes do ensino Waldorf e exposi\u00e7\u00e3o \u00e0 cultura pop dos anos 80. Al\u00e9m de outras coisas, sou artista pl\u00e1stico e audiovisual, escritor, m\u00fasico e ensino medita\u00e7\u00e3o. Assisto a aproximadamente 365 filmes por ano e sou formado por uma penca de c\u00e9lulas (gosto de todas elas, apesar de nunca lhes ter sido apresentado pessoalmente).","og_url":"https:\/\/www.tgreguol.com.br\/blog\/sobre-t-greguol\/","og_site_name":"T. Greguol","article_publisher":"https:\/\/www.facebook.com\/tgreguol","article_modified_time":"2025-05-05T17:28:13+00:00","og_image":[{"width":1200,"height":628,"url":"https:\/\/www.tgreguol.com.br\/blog\/wp-content\/uploads\/2015\/11\/11164788_10155452190775324_6252092796273705353_n1.jpg","type":"image\/jpeg"}],"twitter_card":"summary_large_image","twitter_site":"@katarse","twitter_misc":{"Est. tempo de leitura":"3 minutos"},"schema":{"@context":"https:\/\/schema.org","@graph":[{"@type":"WebPage","@id":"https:\/\/www.tgreguol.com.br\/blog\/sobre-t-greguol\/","url":"https:\/\/www.tgreguol.com.br\/blog\/sobre-t-greguol\/","name":"Sobre T. Greguol - T. Greguol","isPartOf":{"@id":"https:\/\/www.tgreguol.com.br\/blog\/#website"},"primaryImageOfPage":{"@id":"https:\/\/www.tgreguol.com.br\/blog\/sobre-t-greguol\/#primaryimage"},"image":{"@id":"https:\/\/www.tgreguol.com.br\/blog\/sobre-t-greguol\/#primaryimage"},"thumbnailUrl":"https:\/\/www.tgreguol.com.br\/blog\/wp-content\/uploads\/2020\/11\/T.-Greguol-EBA.jpg","datePublished":"2015-11-04T23:20:10+00:00","dateModified":"2025-05-05T17:28:13+00:00","description":"Site oficial do artista pl\u00e1stico e audiovisual..","breadcrumb":{"@id":"https:\/\/www.tgreguol.com.br\/blog\/sobre-t-greguol\/#breadcrumb"},"inLanguage":"pt-BR","potentialAction":[{"@type":"ReadAction","target":["https:\/\/www.tgreguol.com.br\/blog\/sobre-t-greguol\/"]}]},{"@type":"ImageObject","inLanguage":"pt-BR","@id":"https:\/\/www.tgreguol.com.br\/blog\/sobre-t-greguol\/#primaryimage","url":"https:\/\/www.tgreguol.com.br\/blog\/wp-content\/uploads\/2020\/11\/T.-Greguol-EBA.jpg","contentUrl":"https:\/\/www.tgreguol.com.br\/blog\/wp-content\/uploads\/2020\/11\/T.-Greguol-EBA.jpg","width":1000,"height":564},{"@type":"BreadcrumbList","@id":"https:\/\/www.tgreguol.com.br\/blog\/sobre-t-greguol\/#breadcrumb","itemListElement":[{"@type":"ListItem","position":1,"name":"In\u00edcio","item":"https:\/\/www.tgreguol.com.br\/blog\/"},{"@type":"ListItem","position":2,"name":"Sobre T. Greguol"}]},{"@type":"WebSite","@id":"https:\/\/www.tgreguol.com.br\/blog\/#website","url":"https:\/\/www.tgreguol.com.br\/blog\/","name":"T. Greguol","description":"Imaginador","potentialAction":[{"@type":"SearchAction","target":{"@type":"EntryPoint","urlTemplate":"https:\/\/www.tgreguol.com.br\/blog\/?s={search_term_string}"},"query-input":{"@type":"PropertyValueSpecification","valueRequired":true,"valueName":"search_term_string"}}],"inLanguage":"pt-BR"}]}},"_links":{"self":[{"href":"https:\/\/www.tgreguol.com.br\/blog\/wp-json\/wp\/v2\/pages\/5","targetHints":{"allow":["GET"]}}],"collection":[{"href":"https:\/\/www.tgreguol.com.br\/blog\/wp-json\/wp\/v2\/pages"}],"about":[{"href":"https:\/\/www.tgreguol.com.br\/blog\/wp-json\/wp\/v2\/types\/page"}],"author":[{"embeddable":true,"href":"https:\/\/www.tgreguol.com.br\/blog\/wp-json\/wp\/v2\/users\/1"}],"replies":[{"embeddable":true,"href":"https:\/\/www.tgreguol.com.br\/blog\/wp-json\/wp\/v2\/comments?post=5"}],"version-history":[{"count":124,"href":"https:\/\/www.tgreguol.com.br\/blog\/wp-json\/wp\/v2\/pages\/5\/revisions"}],"predecessor-version":[{"id":3757,"href":"https:\/\/www.tgreguol.com.br\/blog\/wp-json\/wp\/v2\/pages\/5\/revisions\/3757"}],"wp:featuredmedia":[{"embeddable":true,"href":"https:\/\/www.tgreguol.com.br\/blog\/wp-json\/wp\/v2\/media\/3196"}],"wp:attachment":[{"href":"https:\/\/www.tgreguol.com.br\/blog\/wp-json\/wp\/v2\/media?parent=5"}],"curies":[{"name":"wp","href":"https:\/\/api.w.org\/{rel}","templated":true}]}}