{"id":1787,"date":"2016-05-12T23:33:11","date_gmt":"2016-05-12T23:33:11","guid":{"rendered":"https:\/\/www.tgreguol.com.br\/blog\/?page_id=1787"},"modified":"2018-02-27T13:31:12","modified_gmt":"2018-02-27T13:31:12","slug":"criaturas-e-outras-demarcacoes","status":"publish","type":"page","link":"https:\/\/www.tgreguol.com.br\/blog\/criaturas-e-outras-demarcacoes\/","title":{"rendered":"&#8220;Criaturas e Outras Demarca\u00e7\u00f5es&#8221;"},"content":{"rendered":"<p style=\"text-align: justify;\">Exposi\u00e7\u00e3o de <a href=\"http:\/\/www.tgreguol.com.br\" target=\"_blank\" rel=\"noopener\">T. Greguol<\/a> e <a href=\"http:\/\/marina.nirev.org\/\" target=\"_blank\" rel=\"noopener\">Marina Wolff Perin<\/a>\u00a0que contou\u00a0com diversos trabalhos in\u00e9ditos e outras criaturas.<\/p>\n<p style=\"text-align: justify;\">Foi de 9 a 25 de Junho de 2016 na <a href=\"http:\/\/chaye.com.br\/eventos.php\" target=\"_blank\" rel=\"noopener\">Galeria CY<\/a>.<\/p>\n<p style=\"text-align: justify;\">Quando andamos na cidade o que nos cerca? O mundano, o cotidiano. Vemos aqui um retrato-brincadeira com o que h\u00e1 de mais monstruoso e ordin\u00e1rio no entendimento da vida humana: a nossa condi\u00e7\u00e3o enquanto criaturas, e nossas limita\u00e7\u00f5es, \u00e0s vezes confusas, \u00e0s vezes expl\u00edcitas.<\/p>\n<p style=\"text-align: justify;\">As criaturas fazem jogo com o meio em que vivem, o mundo, suas restri\u00e7\u00f5es, e as nossas rela\u00e7\u00f5es. Um retrato de uma vida moderna caricaturada em tra\u00e7os, cores e cortes. Desiguais, desencaixados, desconexos, indefinidos, mas sempre relacionados. Seja atrav\u00e9s do olhar l\u00fadico do Imaginador ou do impacto tr\u00e1gico da artista autof\u00e1gica, a interpreta\u00e7\u00e3o fica a crit\u00e9rio de quem olha, para perceber o que cada esp\u00e9cie representa e quais emo\u00e7\u00f5es ela desperta.<\/p>\n<p style=\"text-align: justify;\">Essas criaturas est\u00e3o soltas por a\u00ed: somos n\u00f3s. N\u00e3o-demarcados, a n\u00e3o ser por nossos olhares e sensa\u00e7\u00f5es.<\/p>\n<p style=\"text-align: right;\"><a href=\"https:\/\/www.facebook.com\/joana.rangel?fref=ts\" target=\"_blank\" rel=\"noopener\">Joana Rangel<\/a>, Junho de 2016<\/p>\n<p><iframe loading=\"lazy\" width=\"900\" height=\"506\" src=\"https:\/\/www.youtube.com\/embed\/bunTBvH2P0o?feature=oembed\" frameborder=\"0\" allow=\"autoplay; encrypted-media\" allowfullscreen><\/iframe><\/p>\n<p><iframe loading=\"lazy\" width=\"900\" height=\"506\" src=\"https:\/\/www.youtube.com\/embed\/A8jV1bEq-vw?feature=oembed\" frameborder=\"0\" allow=\"autoplay; encrypted-media\" allowfullscreen><\/iframe><\/p>\n<p>&nbsp;<\/p>\n","protected":false},"excerpt":{"rendered":"<p>Exposi\u00e7\u00e3o de T. Greguol e Marina Wolff Perin\u00a0que contou\u00a0com diversos \u2026<\/p>\n<p class=\"continue-reading-button\"> <a class=\"continue-reading-link\" href=\"https:\/\/www.tgreguol.com.br\/blog\/criaturas-e-outras-demarcacoes\/\">Leia Mais<i class=\"crycon-right-dir\"><\/i><\/a><\/p>\n","protected":false},"author":1,"featured_media":0,"parent":0,"menu_order":0,"comment_status":"closed","ping_status":"closed","template":"","meta":{"nf_dc_page":"","_exactmetrics_skip_tracking":false,"_exactmetrics_sitenote_active":false,"_exactmetrics_sitenote_note":"","_exactmetrics_sitenote_category":0,"footnotes":""},"class_list":["post-1787","page","type-page","status-publish","hentry"],"yoast_head":"<!-- This site is optimized with the Yoast SEO plugin v27.5 - https:\/\/yoast.com\/product\/yoast-seo-wordpress\/ -->\n<title>&quot;Criaturas e Outras Demarca\u00e7\u00f5es&quot; - T. Greguol<\/title>\n<meta name=\"robots\" content=\"index, follow, max-snippet:-1, max-image-preview:large, max-video-preview:-1\" \/>\n<link rel=\"canonical\" href=\"https:\/\/www.tgreguol.com.br\/blog\/criaturas-e-outras-demarcacoes\/\" \/>\n<meta property=\"og:locale\" content=\"pt_BR\" \/>\n<meta property=\"og:type\" content=\"article\" \/>\n<meta property=\"og:title\" content=\"Criaturas e outras demarca\u00e7\u00f5es\" \/>\n<meta property=\"og:description\" content=\"Exposi\u00e7\u00e3o de T. Greguol e Marina Wolff Perin que contou com diversos trabalhos in\u00e9ditos e outras criaturas. Foi de 9 a 25 de Junho de 2016 na Galeria CY.\" \/>\n<meta property=\"og:url\" content=\"https:\/\/www.tgreguol.com.br\/blog\/criaturas-e-outras-demarcacoes\/\" \/>\n<meta property=\"og:site_name\" content=\"T. Greguol\" \/>\n<meta property=\"article:publisher\" content=\"https:\/\/www.facebook.com\/tgreguol\" \/>\n<meta property=\"article:modified_time\" content=\"2018-02-27T13:31:12+00:00\" \/>\n<meta property=\"og:image\" content=\"https:\/\/i0.wp.com\/www.tgreguol.com.br\/blog\/wp-content\/uploads\/2016\/05\/tumblr_o8ge5pTdPG1s33j65o1_1280.jpg?fit=750%2C750\" \/>\n\t<meta property=\"og:image:width\" content=\"750\" \/>\n\t<meta property=\"og:image:height\" content=\"750\" \/>\n\t<meta property=\"og:image:type\" content=\"image\/jpeg\" \/>\n<meta name=\"twitter:card\" content=\"summary_large_image\" \/>\n<meta name=\"twitter:site\" content=\"@katarse\" \/>\n<meta name=\"twitter:label1\" content=\"Est. tempo de leitura\" \/>\n\t<meta name=\"twitter:data1\" content=\"1 minuto\" \/>\n<script type=\"application\/ld+json\" class=\"yoast-schema-graph\">{\"@context\":\"https:\\\/\\\/schema.org\",\"@graph\":[{\"@type\":\"WebPage\",\"@id\":\"https:\\\/\\\/www.tgreguol.com.br\\\/blog\\\/criaturas-e-outras-demarcacoes\\\/\",\"url\":\"https:\\\/\\\/www.tgreguol.com.br\\\/blog\\\/criaturas-e-outras-demarcacoes\\\/\",\"name\":\"\\\"Criaturas e Outras Demarca\u00e7\u00f5es\\\" - T. Greguol\",\"isPartOf\":{\"@id\":\"https:\\\/\\\/www.tgreguol.com.br\\\/blog\\\/#website\"},\"datePublished\":\"2016-05-12T23:33:11+00:00\",\"dateModified\":\"2018-02-27T13:31:12+00:00\",\"breadcrumb\":{\"@id\":\"https:\\\/\\\/www.tgreguol.com.br\\\/blog\\\/criaturas-e-outras-demarcacoes\\\/#breadcrumb\"},\"inLanguage\":\"pt-BR\",\"potentialAction\":[{\"@type\":\"ReadAction\",\"target\":[\"https:\\\/\\\/www.tgreguol.com.br\\\/blog\\\/criaturas-e-outras-demarcacoes\\\/\"]}]},{\"@type\":\"BreadcrumbList\",\"@id\":\"https:\\\/\\\/www.tgreguol.com.br\\\/blog\\\/criaturas-e-outras-demarcacoes\\\/#breadcrumb\",\"itemListElement\":[{\"@type\":\"ListItem\",\"position\":1,\"name\":\"In\u00edcio\",\"item\":\"https:\\\/\\\/www.tgreguol.com.br\\\/blog\\\/\"},{\"@type\":\"ListItem\",\"position\":2,\"name\":\"&#8220;Criaturas e Outras Demarca\u00e7\u00f5es&#8221;\"}]},{\"@type\":\"WebSite\",\"@id\":\"https:\\\/\\\/www.tgreguol.com.br\\\/blog\\\/#website\",\"url\":\"https:\\\/\\\/www.tgreguol.com.br\\\/blog\\\/\",\"name\":\"T. Greguol\",\"description\":\"Imaginador\",\"potentialAction\":[{\"@type\":\"SearchAction\",\"target\":{\"@type\":\"EntryPoint\",\"urlTemplate\":\"https:\\\/\\\/www.tgreguol.com.br\\\/blog\\\/?s={search_term_string}\"},\"query-input\":{\"@type\":\"PropertyValueSpecification\",\"valueRequired\":true,\"valueName\":\"search_term_string\"}}],\"inLanguage\":\"pt-BR\"}]}<\/script>\n<!-- \/ Yoast SEO plugin. -->","yoast_head_json":{"title":"\"Criaturas e Outras Demarca\u00e7\u00f5es\" - T. Greguol","robots":{"index":"index","follow":"follow","max-snippet":"max-snippet:-1","max-image-preview":"max-image-preview:large","max-video-preview":"max-video-preview:-1"},"canonical":"https:\/\/www.tgreguol.com.br\/blog\/criaturas-e-outras-demarcacoes\/","og_locale":"pt_BR","og_type":"article","og_title":"Criaturas e outras demarca\u00e7\u00f5es","og_description":"Exposi\u00e7\u00e3o de T. Greguol e Marina Wolff Perin que contou com diversos trabalhos in\u00e9ditos e outras criaturas. Foi de 9 a 25 de Junho de 2016 na Galeria CY.","og_url":"https:\/\/www.tgreguol.com.br\/blog\/criaturas-e-outras-demarcacoes\/","og_site_name":"T. Greguol","article_publisher":"https:\/\/www.facebook.com\/tgreguol","article_modified_time":"2018-02-27T13:31:12+00:00","og_image":[{"width":750,"height":750,"url":"https:\/\/i0.wp.com\/www.tgreguol.com.br\/blog\/wp-content\/uploads\/2016\/05\/tumblr_o8ge5pTdPG1s33j65o1_1280.jpg?fit=750%2C750","type":"image\/jpeg"}],"twitter_card":"summary_large_image","twitter_site":"@katarse","twitter_misc":{"Est. tempo de leitura":"1 minuto"},"schema":{"@context":"https:\/\/schema.org","@graph":[{"@type":"WebPage","@id":"https:\/\/www.tgreguol.com.br\/blog\/criaturas-e-outras-demarcacoes\/","url":"https:\/\/www.tgreguol.com.br\/blog\/criaturas-e-outras-demarcacoes\/","name":"\"Criaturas e Outras Demarca\u00e7\u00f5es\" - T. Greguol","isPartOf":{"@id":"https:\/\/www.tgreguol.com.br\/blog\/#website"},"datePublished":"2016-05-12T23:33:11+00:00","dateModified":"2018-02-27T13:31:12+00:00","breadcrumb":{"@id":"https:\/\/www.tgreguol.com.br\/blog\/criaturas-e-outras-demarcacoes\/#breadcrumb"},"inLanguage":"pt-BR","potentialAction":[{"@type":"ReadAction","target":["https:\/\/www.tgreguol.com.br\/blog\/criaturas-e-outras-demarcacoes\/"]}]},{"@type":"BreadcrumbList","@id":"https:\/\/www.tgreguol.com.br\/blog\/criaturas-e-outras-demarcacoes\/#breadcrumb","itemListElement":[{"@type":"ListItem","position":1,"name":"In\u00edcio","item":"https:\/\/www.tgreguol.com.br\/blog\/"},{"@type":"ListItem","position":2,"name":"&#8220;Criaturas e Outras Demarca\u00e7\u00f5es&#8221;"}]},{"@type":"WebSite","@id":"https:\/\/www.tgreguol.com.br\/blog\/#website","url":"https:\/\/www.tgreguol.com.br\/blog\/","name":"T. Greguol","description":"Imaginador","potentialAction":[{"@type":"SearchAction","target":{"@type":"EntryPoint","urlTemplate":"https:\/\/www.tgreguol.com.br\/blog\/?s={search_term_string}"},"query-input":{"@type":"PropertyValueSpecification","valueRequired":true,"valueName":"search_term_string"}}],"inLanguage":"pt-BR"}]}},"_links":{"self":[{"href":"https:\/\/www.tgreguol.com.br\/blog\/wp-json\/wp\/v2\/pages\/1787","targetHints":{"allow":["GET"]}}],"collection":[{"href":"https:\/\/www.tgreguol.com.br\/blog\/wp-json\/wp\/v2\/pages"}],"about":[{"href":"https:\/\/www.tgreguol.com.br\/blog\/wp-json\/wp\/v2\/types\/page"}],"author":[{"embeddable":true,"href":"https:\/\/www.tgreguol.com.br\/blog\/wp-json\/wp\/v2\/users\/1"}],"replies":[{"embeddable":true,"href":"https:\/\/www.tgreguol.com.br\/blog\/wp-json\/wp\/v2\/comments?post=1787"}],"version-history":[{"count":13,"href":"https:\/\/www.tgreguol.com.br\/blog\/wp-json\/wp\/v2\/pages\/1787\/revisions"}],"predecessor-version":[{"id":2172,"href":"https:\/\/www.tgreguol.com.br\/blog\/wp-json\/wp\/v2\/pages\/1787\/revisions\/2172"}],"wp:attachment":[{"href":"https:\/\/www.tgreguol.com.br\/blog\/wp-json\/wp\/v2\/media?parent=1787"}],"curies":[{"name":"wp","href":"https:\/\/api.w.org\/{rel}","templated":true}]}}